{"id":1084,"date":"2020-09-09T13:00:24","date_gmt":"2020-09-09T16:00:24","guid":{"rendered":"https:\/\/ftaabecar.org\/?page_id=1084"},"modified":"2020-09-09T13:04:45","modified_gmt":"2020-09-09T16:04:45","slug":"declaracao-doutrinaria","status":"publish","type":"page","link":"https:\/\/ftaabecar.org\/index.php\/declaracao-doutrinaria\/","title":{"rendered":"Declara\u00e7\u00e3o Doutrin\u00e1ria"},"content":{"rendered":"\t\t<div data-elementor-type=\"wp-post\" data-elementor-id=\"1084\" class=\"elementor elementor-1084\">\n\t\t\t\t\t\t<section class=\"elementor-section elementor-top-section elementor-element elementor-element-99db27b elementor-section-content-bottom elementor-section-boxed elementor-section-height-default elementor-section-height-default\" data-id=\"99db27b\" data-element_type=\"section\" data-settings=\"{&quot;background_background&quot;:&quot;classic&quot;}\">\n\t\t\t\t\t\t\t<div class=\"elementor-background-overlay\"><\/div>\n\t\t\t\t\t\t\t<div class=\"elementor-container elementor-column-gap-extended\">\n\t\t\t\t\t<div class=\"elementor-column elementor-col-100 elementor-top-column elementor-element elementor-element-7bfd155f\" data-id=\"7bfd155f\" data-element_type=\"column\">\n\t\t\t<div class=\"elementor-widget-wrap elementor-element-populated\">\n\t\t\t\t\t\t<div class=\"elementor-element elementor-element-341a1b19 elementor-widget elementor-widget-heading\" data-id=\"341a1b19\" data-element_type=\"widget\" data-widget_type=\"heading.default\">\n\t\t\t\t<div class=\"elementor-widget-container\">\n\t\t\t\t\t<h1 class=\"elementor-heading-title elementor-size-default\">Doutrina<\/h1>\t\t\t\t<\/div>\n\t\t\t\t<\/div>\n\t\t\t\t\t<\/div>\n\t\t<\/div>\n\t\t\t\t\t<\/div>\n\t\t<\/section>\n\t\t\t\t<section class=\"elementor-section elementor-top-section elementor-element elementor-element-e8e4bc2 elementor-section-boxed elementor-section-height-default elementor-section-height-default\" data-id=\"e8e4bc2\" data-element_type=\"section\" data-settings=\"{&quot;background_background&quot;:&quot;classic&quot;}\">\n\t\t\t\t\t\t<div class=\"elementor-container elementor-column-gap-default\">\n\t\t\t\t\t<div class=\"elementor-column elementor-col-100 elementor-top-column elementor-element elementor-element-f13d203\" data-id=\"f13d203\" data-element_type=\"column\">\n\t\t\t<div class=\"elementor-widget-wrap elementor-element-populated\">\n\t\t\t\t\t\t<div class=\"elementor-element elementor-element-2e0024ca elementor-widget elementor-widget-text-editor\" data-id=\"2e0024ca\" data-element_type=\"widget\" data-widget_type=\"text-editor.default\">\n\t\t\t\t<div class=\"elementor-widget-container\">\n\t\t\t\t\t\t\t\t\t<header class=\"entry-header ast-no-thumbnail ast-no-meta\"><h1 class=\"entry-title\">Declara\u00e7\u00e3o Doutrin\u00e1ria<\/h1><\/header><div class=\"entry-content clear\"><p>\u00a0<\/p><p>Declaramos que:<\/p><p>\u2013 As Escrituras do Velho Testamento e do Novo Testamento constituem a Palavra de Deus, de inspira\u00e7\u00e3o verbal, infal\u00edvel, como originalmente foi dada. Elas s\u00e3o a suprema e final autoridade da f\u00e9 e pr\u00e1tica.<\/p><p>\u2013 Deus \u00e9 um, eternamente subsistindo em tr\u00eas pessoas: Pai, Filho e Esp\u00edrito Santo.<\/p><p>\u2013 Jesus Cristo foi concebido sobrenaturalmente, pelo Esp\u00edrito Santo, sendo Deus encarnado, nascido da Virgem Maria, \u00e9 Deus homem, que viveu, ensinou e realizou obras miraculosas, prod\u00edgios e sinais. Em cumprimento das Escrituras, foi crucificado, ressuscitou em corpo, ascendeu aos c\u00e9us e agora est\u00e1 assentado, como nosso Sumo Sacerdote e nosso Advogado \u00e0 destra de Deus Pai. Que a Sua Segunda Vinda ser\u00e1 pessoal, vis\u00edvel, pr\u00e9-mil\u00eanica, iminente, e tem dois aspectos: 1) Sua vinda (Arrebatamento) para os salvos na era da Igreja, antes da Tribula\u00e7\u00e3o; 2) Sua vinda com os santos depois da Grande Tribula\u00e7\u00e3o para estabelecer Seu Reino Milenar sobre o Trono de Davi.<\/p><p>\u2013 O homem foi criado \u00e0 imagem e semelhan\u00e7a de Deus, mas pecou, incorrendo por isso, a morte f\u00edsica e espiritual. Que todos os seres humanos s\u00e3o nascidos com uma natureza humana pecaminosa e, ao atingirem sua responsabilidade moral, revelam essa natureza em pensamentos, atos e palavras pecaminosas.<\/p><p>\u2013 A salva\u00e7\u00e3o, a justifica\u00e7\u00e3o, a santifica\u00e7\u00e3o e a reden\u00e7\u00e3o, s\u00e3o pela f\u00e9 em Jesus Cristo em virtude de seu sangue derramado para remiss\u00e3o dos pecados. Neste sangue vertido por Cristo, h\u00e1 poder para libertar e curar o pecador das culpas do medo, do dom\u00ednio de Satan\u00e1s. Seu poder corta os la\u00e7os do v\u00edcio e do pecado, purificando a consci\u00eancia das obras mortas para servir ao Deus vivo.<\/p><p>\u2013 O Esp\u00edrito Santo \u00e9 o agente Divino na cria\u00e7\u00e3o, revela\u00e7\u00e3o e reden\u00e7\u00e3o; \u00e9 Ele que convence o mundo da justi\u00e7a, do pecado e do julgamento, que regenera, batiza, habita, sela, unge, guia, ensina, aos que cr\u00eaem no Senhor Jesus como Salvador pessoal procurando conduzi-los a uma vida vitoriosa pela f\u00e9 e obedi\u00eancia.<\/p><p>\u2013 A Igreja como um organismo, \u00e9 o corpo invis\u00edvel, universal e a Noiva de Cristo, e que este \u00e9 o Cabe\u00e7a do corpo; que os crentes regenerados da dispensa\u00e7\u00e3o presente s\u00e3o membros do corpo de Cristo que representam a Igreja atrav\u00e9s de uma organiza\u00e7\u00e3o local, \u00e0 qual \u00e9 uma comunidade de crentes batizados, reunidos pelo Esp\u00edrito Santo com o prop\u00f3sito de levar avante os princ\u00edpios e preceitos da Palavra de Deus; que tem sido a ela confiada a administra\u00e7\u00e3o do batismo em \u00e1gua por imers\u00e3o, assim como a Ceia do Senhor; que a divina miss\u00e3o da igreja \u00e9 a de glorificar a Deus ganhando almas para Cristo e edificando os crentes pelo santo minist\u00e9rio do Evangelho sob a a\u00e7\u00e3o do Esp\u00edrito Santo que pelos Seus dons, REPARTIDOS EXCEPCIONALMENTE, COMO ELE QUER, se revela no meio da Igreja de Cristo sendo esta revela\u00e7\u00e3o prodigiosa na diversidade de Suas opera\u00e7\u00f5es. Todavia carece de serenidade de seu Autor Divino da plena submiss\u00e3o do instrumento, e da disciplina da Palavra de Deus escrita.<\/p><p>\u2013 Os anjos s\u00e3o seres celestiais, criados para glorificar a Deus e para servir aos herdeiros da salva\u00e7\u00e3o; que muitos se rebelaram contra Deus, sendo seu chefe Satan\u00e1s, fonte de todo mal, \u00e9 um ser pessoal, de grande ast\u00facia, de vasto poder, a fim de ser finalmente lan\u00e7ado no lago de fogo e enxofre, onde ser\u00e1 atormentado dia e noite para todo o sempre.<\/p><p>\u2013 Haver\u00e1 ressurrei\u00e7\u00e3o pessoal e corporal de justos e injustos, sendo uma para gozo eterno, e a outra para o eterno e consciente sofrimento daqueles que perecem em pecados.<\/p><\/div>\t\t\t\t\t\t\t\t<\/div>\n\t\t\t\t<\/div>\n\t\t\t\t\t<\/div>\n\t\t<\/div>\n\t\t\t\t\t<\/div>\n\t\t<\/section>\n\t\t\t\t<\/div>\n\t\t","protected":false},"excerpt":{"rendered":"<p>Doutrina Declara\u00e7\u00e3o Doutrin\u00e1ria \u00a0 Declaramos que: \u2013 As Escrituras do Velho Testamento e do Novo Testamento constituem a Palavra de Deus, de inspira\u00e7\u00e3o verbal, infal\u00edvel, como originalmente foi dada. Elas s\u00e3o a suprema e final autoridade da f\u00e9 e pr\u00e1tica. \u2013 Deus \u00e9 um, eternamente subsistindo em tr\u00eas pessoas: Pai, Filho e Esp\u00edrito Santo. \u2013 [&hellip;]<\/p>\n","protected":false},"author":1,"featured_media":0,"parent":0,"menu_order":0,"comment_status":"closed","ping_status":"closed","template":"","meta":{"site-sidebar-layout":"no-sidebar","site-content-layout":"page-builder","ast-site-content-layout":"","site-content-style":"default","site-sidebar-style":"default","ast-global-header-display":"","ast-banner-title-visibility":"","ast-main-header-display":"","ast-hfb-above-header-display":"","ast-hfb-below-header-display":"","ast-hfb-mobile-header-display":"","site-post-title":"disabled","ast-breadcrumbs-content":"","ast-featured-img":"disabled","footer-sml-layout":"","theme-transparent-header-meta":"","adv-header-id-meta":"","stick-header-meta":"","header-above-stick-meta":"","header-main-stick-meta":"","header-below-stick-meta":"","astra-migrate-meta-layouts":"default","ast-page-background-enabled":"default","ast-page-background-meta":{"desktop":{"background-color":"var(--ast-global-color-4)","background-image":"","background-repeat":"repeat","background-position":"center center","background-size":"auto","background-attachment":"scroll","background-type":"","background-media":"","overlay-type":"","overlay-color":"","overlay-opacity":"","overlay-gradient":""},"tablet":{"background-color":"","background-image":"","background-repeat":"repeat","background-position":"center center","background-size":"auto","background-attachment":"scroll","background-type":"","background-media":"","overlay-type":"","overlay-color":"","overlay-opacity":"","overlay-gradient":""},"mobile":{"background-color":"","background-image":"","background-repeat":"repeat","background-position":"center center","background-size":"auto","background-attachment":"scroll","background-type":"","background-media":"","overlay-type":"","overlay-color":"","overlay-opacity":"","overlay-gradient":""}},"ast-content-background-meta":{"desktop":{"background-color":"var(--ast-global-color-5)","background-image":"","background-repeat":"repeat","background-position":"center center","background-size":"auto","background-attachment":"scroll","background-type":"","background-media":"","overlay-type":"","overlay-color":"","overlay-opacity":"","overlay-gradient":""},"tablet":{"background-color":"var(--ast-global-color-5)","background-image":"","background-repeat":"repeat","background-position":"center center","background-size":"auto","background-attachment":"scroll","background-type":"","background-media":"","overlay-type":"","overlay-color":"","overlay-opacity":"","overlay-gradient":""},"mobile":{"background-color":"var(--ast-global-color-5)","background-image":"","background-repeat":"repeat","background-position":"center center","background-size":"auto","background-attachment":"scroll","background-type":"","background-media":"","overlay-type":"","overlay-color":"","overlay-opacity":"","overlay-gradient":""}},"_joinchat":[],"footnotes":""},"class_list":["post-1084","page","type-page","status-publish","hentry"],"yoast_head":"<!-- This site is optimized with the Yoast SEO plugin v24.1 - https:\/\/yoast.com\/wordpress\/plugins\/seo\/ -->\n<title>Declara\u00e7\u00e3o Doutrin\u00e1ria - Faculdade Teol\u00f3gica Abecar<\/title>\n<meta name=\"robots\" content=\"index, follow, max-snippet:-1, max-image-preview:large, max-video-preview:-1\" \/>\n<link rel=\"canonical\" href=\"https:\/\/ftaabecar.org\/index.php\/declaracao-doutrinaria\/\" \/>\n<meta property=\"og:locale\" content=\"pt_BR\" \/>\n<meta property=\"og:type\" content=\"article\" \/>\n<meta property=\"og:title\" content=\"Declara\u00e7\u00e3o Doutrin\u00e1ria - Faculdade Teol\u00f3gica Abecar\" \/>\n<meta property=\"og:description\" content=\"Doutrina Declara\u00e7\u00e3o Doutrin\u00e1ria \u00a0 Declaramos que: \u2013 As Escrituras do Velho Testamento e do Novo Testamento constituem a Palavra de Deus, de inspira\u00e7\u00e3o verbal, infal\u00edvel, como originalmente foi dada. Elas s\u00e3o a suprema e final autoridade da f\u00e9 e pr\u00e1tica. \u2013 Deus \u00e9 um, eternamente subsistindo em tr\u00eas pessoas: Pai, Filho e Esp\u00edrito Santo. \u2013 [&hellip;]\" \/>\n<meta property=\"og:url\" content=\"https:\/\/ftaabecar.org\/index.php\/declaracao-doutrinaria\/\" \/>\n<meta property=\"og:site_name\" content=\"Faculdade Teol\u00f3gica Abecar\" \/>\n<meta property=\"article:publisher\" content=\"https:\/\/www.facebook.com\/ftaabecar\" \/>\n<meta property=\"article:modified_time\" content=\"2020-09-09T16:04:45+00:00\" \/>\n<meta name=\"twitter:card\" content=\"summary_large_image\" \/>\n<meta name=\"twitter:label1\" content=\"Est. tempo de leitura\" \/>\n\t<meta name=\"twitter:data1\" content=\"3 minutos\" \/>\n<script type=\"application\/ld+json\" class=\"yoast-schema-graph\">{\"@context\":\"https:\/\/schema.org\",\"@graph\":[{\"@type\":\"WebPage\",\"@id\":\"https:\/\/ftaabecar.org\/index.php\/declaracao-doutrinaria\/\",\"url\":\"https:\/\/ftaabecar.org\/index.php\/declaracao-doutrinaria\/\",\"name\":\"Declara\u00e7\u00e3o Doutrin\u00e1ria - Faculdade Teol\u00f3gica Abecar\",\"isPartOf\":{\"@id\":\"https:\/\/ftaabecar.org\/#website\"},\"datePublished\":\"2020-09-09T16:00:24+00:00\",\"dateModified\":\"2020-09-09T16:04:45+00:00\",\"breadcrumb\":{\"@id\":\"https:\/\/ftaabecar.org\/index.php\/declaracao-doutrinaria\/#breadcrumb\"},\"inLanguage\":\"pt-BR\",\"potentialAction\":[{\"@type\":\"ReadAction\",\"target\":[\"https:\/\/ftaabecar.org\/index.php\/declaracao-doutrinaria\/\"]}]},{\"@type\":\"BreadcrumbList\",\"@id\":\"https:\/\/ftaabecar.org\/index.php\/declaracao-doutrinaria\/#breadcrumb\",\"itemListElement\":[{\"@type\":\"ListItem\",\"position\":1,\"name\":\"In\u00edcio\",\"item\":\"https:\/\/ftaabecar.org\/\"},{\"@type\":\"ListItem\",\"position\":2,\"name\":\"Declara\u00e7\u00e3o Doutrin\u00e1ria\"}]},{\"@type\":\"WebSite\",\"@id\":\"https:\/\/ftaabecar.org\/#website\",\"url\":\"https:\/\/ftaabecar.org\/\",\"name\":\"Faculdade Teol\u00f3gica Abecar\",\"description\":\"Mais perto de voc\u00ea\",\"publisher\":{\"@id\":\"https:\/\/ftaabecar.org\/#organization\"},\"potentialAction\":[{\"@type\":\"SearchAction\",\"target\":{\"@type\":\"EntryPoint\",\"urlTemplate\":\"https:\/\/ftaabecar.org\/?s={search_term_string}\"},\"query-input\":{\"@type\":\"PropertyValueSpecification\",\"valueRequired\":true,\"valueName\":\"search_term_string\"}}],\"inLanguage\":\"pt-BR\"},{\"@type\":\"Organization\",\"@id\":\"https:\/\/ftaabecar.org\/#organization\",\"name\":\"Faculdade Teol\u00f3gica Abecar\",\"url\":\"https:\/\/ftaabecar.org\/\",\"logo\":{\"@type\":\"ImageObject\",\"inLanguage\":\"pt-BR\",\"@id\":\"https:\/\/ftaabecar.org\/#\/schema\/logo\/image\/\",\"url\":\"https:\/\/ftaabecar.org\/wp-content\/uploads\/2022\/06\/Como-Estudar-2.png\",\"contentUrl\":\"https:\/\/ftaabecar.org\/wp-content\/uploads\/2022\/06\/Como-Estudar-2.png\",\"width\":1080,\"height\":1080,\"caption\":\"Faculdade Teol\u00f3gica Abecar\"},\"image\":{\"@id\":\"https:\/\/ftaabecar.org\/#\/schema\/logo\/image\/\"},\"sameAs\":[\"https:\/\/www.facebook.com\/ftaabecar\",\"https:\/\/www.instagram.com\/ftaabecar\/\"]}]}<\/script>\n<!-- \/ Yoast SEO plugin. -->","yoast_head_json":{"title":"Declara\u00e7\u00e3o Doutrin\u00e1ria - Faculdade Teol\u00f3gica Abecar","robots":{"index":"index","follow":"follow","max-snippet":"max-snippet:-1","max-image-preview":"max-image-preview:large","max-video-preview":"max-video-preview:-1"},"canonical":"https:\/\/ftaabecar.org\/index.php\/declaracao-doutrinaria\/","og_locale":"pt_BR","og_type":"article","og_title":"Declara\u00e7\u00e3o Doutrin\u00e1ria - Faculdade Teol\u00f3gica Abecar","og_description":"Doutrina Declara\u00e7\u00e3o Doutrin\u00e1ria \u00a0 Declaramos que: \u2013 As Escrituras do Velho Testamento e do Novo Testamento constituem a Palavra de Deus, de inspira\u00e7\u00e3o verbal, infal\u00edvel, como originalmente foi dada. Elas s\u00e3o a suprema e final autoridade da f\u00e9 e pr\u00e1tica. \u2013 Deus \u00e9 um, eternamente subsistindo em tr\u00eas pessoas: Pai, Filho e Esp\u00edrito Santo. \u2013 [&hellip;]","og_url":"https:\/\/ftaabecar.org\/index.php\/declaracao-doutrinaria\/","og_site_name":"Faculdade Teol\u00f3gica Abecar","article_publisher":"https:\/\/www.facebook.com\/ftaabecar","article_modified_time":"2020-09-09T16:04:45+00:00","twitter_card":"summary_large_image","twitter_misc":{"Est. tempo de leitura":"3 minutos"},"schema":{"@context":"https:\/\/schema.org","@graph":[{"@type":"WebPage","@id":"https:\/\/ftaabecar.org\/index.php\/declaracao-doutrinaria\/","url":"https:\/\/ftaabecar.org\/index.php\/declaracao-doutrinaria\/","name":"Declara\u00e7\u00e3o Doutrin\u00e1ria - Faculdade Teol\u00f3gica Abecar","isPartOf":{"@id":"https:\/\/ftaabecar.org\/#website"},"datePublished":"2020-09-09T16:00:24+00:00","dateModified":"2020-09-09T16:04:45+00:00","breadcrumb":{"@id":"https:\/\/ftaabecar.org\/index.php\/declaracao-doutrinaria\/#breadcrumb"},"inLanguage":"pt-BR","potentialAction":[{"@type":"ReadAction","target":["https:\/\/ftaabecar.org\/index.php\/declaracao-doutrinaria\/"]}]},{"@type":"BreadcrumbList","@id":"https:\/\/ftaabecar.org\/index.php\/declaracao-doutrinaria\/#breadcrumb","itemListElement":[{"@type":"ListItem","position":1,"name":"In\u00edcio","item":"https:\/\/ftaabecar.org\/"},{"@type":"ListItem","position":2,"name":"Declara\u00e7\u00e3o Doutrin\u00e1ria"}]},{"@type":"WebSite","@id":"https:\/\/ftaabecar.org\/#website","url":"https:\/\/ftaabecar.org\/","name":"Faculdade Teol\u00f3gica Abecar","description":"Mais perto de voc\u00ea","publisher":{"@id":"https:\/\/ftaabecar.org\/#organization"},"potentialAction":[{"@type":"SearchAction","target":{"@type":"EntryPoint","urlTemplate":"https:\/\/ftaabecar.org\/?s={search_term_string}"},"query-input":{"@type":"PropertyValueSpecification","valueRequired":true,"valueName":"search_term_string"}}],"inLanguage":"pt-BR"},{"@type":"Organization","@id":"https:\/\/ftaabecar.org\/#organization","name":"Faculdade Teol\u00f3gica Abecar","url":"https:\/\/ftaabecar.org\/","logo":{"@type":"ImageObject","inLanguage":"pt-BR","@id":"https:\/\/ftaabecar.org\/#\/schema\/logo\/image\/","url":"https:\/\/ftaabecar.org\/wp-content\/uploads\/2022\/06\/Como-Estudar-2.png","contentUrl":"https:\/\/ftaabecar.org\/wp-content\/uploads\/2022\/06\/Como-Estudar-2.png","width":1080,"height":1080,"caption":"Faculdade Teol\u00f3gica Abecar"},"image":{"@id":"https:\/\/ftaabecar.org\/#\/schema\/logo\/image\/"},"sameAs":["https:\/\/www.facebook.com\/ftaabecar","https:\/\/www.instagram.com\/ftaabecar\/"]}]}},"_links":{"self":[{"href":"https:\/\/ftaabecar.org\/index.php\/wp-json\/wp\/v2\/pages\/1084","targetHints":{"allow":["GET"]}}],"collection":[{"href":"https:\/\/ftaabecar.org\/index.php\/wp-json\/wp\/v2\/pages"}],"about":[{"href":"https:\/\/ftaabecar.org\/index.php\/wp-json\/wp\/v2\/types\/page"}],"author":[{"embeddable":true,"href":"https:\/\/ftaabecar.org\/index.php\/wp-json\/wp\/v2\/users\/1"}],"replies":[{"embeddable":true,"href":"https:\/\/ftaabecar.org\/index.php\/wp-json\/wp\/v2\/comments?post=1084"}],"version-history":[{"count":0,"href":"https:\/\/ftaabecar.org\/index.php\/wp-json\/wp\/v2\/pages\/1084\/revisions"}],"wp:attachment":[{"href":"https:\/\/ftaabecar.org\/index.php\/wp-json\/wp\/v2\/media?parent=1084"}],"curies":[{"name":"wp","href":"https:\/\/api.w.org\/{rel}","templated":true}]}}