{"id":22,"date":"2018-02-12T14:48:01","date_gmt":"2018-02-12T14:48:01","guid":{"rendered":"https:\/\/ftaabecar.org\/index.php\/courses\/"},"modified":"2020-09-08T15:06:45","modified_gmt":"2020-09-08T18:06:45","slug":"courses","status":"publish","type":"page","link":"https:\/\/ftaabecar.org\/index.php\/courses\/","title":{"rendered":"Cursos"},"content":{"rendered":"\t\t<div data-elementor-type=\"wp-post\" data-elementor-id=\"22\" class=\"elementor elementor-22\">\n\t\t\t\t\t\t<section class=\"elementor-section elementor-top-section elementor-element elementor-element-630346dd elementor-section-content-bottom elementor-section-boxed elementor-section-height-default elementor-section-height-default\" data-id=\"630346dd\" data-element_type=\"section\" data-settings=\"{&quot;background_background&quot;:&quot;classic&quot;}\">\n\t\t\t\t\t\t\t<div class=\"elementor-background-overlay\"><\/div>\n\t\t\t\t\t\t\t<div class=\"elementor-container elementor-column-gap-extended\">\n\t\t\t\t\t<div class=\"elementor-column elementor-col-100 elementor-top-column elementor-element elementor-element-3220efa5\" data-id=\"3220efa5\" data-element_type=\"column\">\n\t\t\t<div class=\"elementor-widget-wrap elementor-element-populated\">\n\t\t\t\t\t\t<div class=\"elementor-element elementor-element-6f8ad48e elementor-widget elementor-widget-heading\" data-id=\"6f8ad48e\" data-element_type=\"widget\" data-widget_type=\"heading.default\">\n\t\t\t\t<div class=\"elementor-widget-container\">\n\t\t\t\t\t<h1 class=\"elementor-heading-title elementor-size-default\">Nossos Cursos<\/h1>\t\t\t\t<\/div>\n\t\t\t\t<\/div>\n\t\t\t\t\t<\/div>\n\t\t<\/div>\n\t\t\t\t\t<\/div>\n\t\t<\/section>\n\t\t\t\t<section class=\"elementor-section elementor-top-section elementor-element elementor-element-31b71be4 elementor-section-content-middle elementor-section-boxed elementor-section-height-default elementor-section-height-default\" data-id=\"31b71be4\" data-element_type=\"section\">\n\t\t\t\t\t\t<div class=\"elementor-container elementor-column-gap-extended\">\n\t\t\t\t\t<div class=\"elementor-column elementor-col-100 elementor-top-column elementor-element elementor-element-ebf314e\" data-id=\"ebf314e\" data-element_type=\"column\">\n\t\t\t<div class=\"elementor-widget-wrap elementor-element-populated\">\n\t\t\t\t\t\t<div class=\"elementor-element elementor-element-132913ba elementor-widget elementor-widget-text-editor\" data-id=\"132913ba\" data-element_type=\"widget\" data-widget_type=\"text-editor.default\">\n\t\t\t\t<div class=\"elementor-widget-container\">\n\t\t\t\t\t\t\t\t\t<p>Confira a Grade Curricular de cada Curso.<\/p>\t\t\t\t\t\t\t\t<\/div>\n\t\t\t\t<\/div>\n\t\t\t\t<section class=\"elementor-section elementor-inner-section elementor-element elementor-element-f4cd93c elementor-section-boxed elementor-section-height-default elementor-section-height-default\" data-id=\"f4cd93c\" data-element_type=\"section\">\n\t\t\t\t\t\t<div class=\"elementor-container elementor-column-gap-default\">\n\t\t\t\t\t<div class=\"elementor-column elementor-col-33 elementor-inner-column elementor-element elementor-element-421ce460\" data-id=\"421ce460\" data-element_type=\"column\">\n\t\t\t<div class=\"elementor-widget-wrap elementor-element-populated\">\n\t\t\t\t\t\t<div class=\"elementor-element elementor-element-50cb6032 elementor-position-top elementor-widget elementor-widget-image-box\" data-id=\"50cb6032\" data-element_type=\"widget\" data-widget_type=\"image-box.default\">\n\t\t\t\t<div class=\"elementor-widget-container\">\n\t\t\t\t\t<div class=\"elementor-image-box-wrapper\"><figure class=\"elementor-image-box-img\"><img fetchpriority=\"high\" decoding=\"async\" width=\"370\" height=\"247\" src=\"https:\/\/ftaabecar.org\/wp-content\/uploads\/2020\/09\/workplace-team-business-meeting-1245776-e1599584481496.jpg\" class=\"attachment-full size-full wp-image-967\" alt=\"curso, teologia, faculdade, reconhecido, mec\" \/><\/figure><div class=\"elementor-image-box-content\"><h3 class=\"elementor-image-box-title\">Gradua\u00e7\u00e3o em Lideran\u00e7a Ministerial<\/h3><p class=\"elementor-image-box-description\">\nO Programa de Lideran\u00e7a Ministerial oferece ferramentas para voc\u00ea desenvolver o minist\u00e9rio eclesi\u00e1stico, dentro das diversas \u00e1reas de atua\u00e7\u00e3o, desenvolvidos na igreja, do infantil ao apoio pastoral.<\/p><\/div><\/div>\t\t\t\t<\/div>\n\t\t\t\t<\/div>\n\t\t\t\t<div class=\"elementor-element elementor-element-76889cd premium-modal-dismissible-yes elementor-widget elementor-widget-premium-addon-modal-box\" data-id=\"76889cd\" data-element_type=\"widget\" data-settings=\"{&quot;premium_modal_box_animation&quot;:&quot;fadeInDown&quot;}\" data-widget_type=\"premium-addon-modal-box.default\">\n\t\t\t\t<div class=\"elementor-widget-container\">\n\t\t\t\t\t\r\n\t\t<div class=\"premium-modal-box-container\" data-settings=\"{&quot;trigger&quot;:&quot;button&quot;,&quot;show_on_exit&quot;:false}\">\r\n\t\t\t<div class=\"premium-modal-trigger-container\">\r\n\t\t\t\t\t\t\t\t\t<button data-toggle=\"premium-modal\" data-target=\"#premium-modal-76889cd\" type=\"button\" class=\"premium-modal-trigger-btn premium-btn-lg premium-button-none \" data-text=\"Grade Curricular\">\r\n\r\n\t\t\t\t\t\t\r\n\t\t\t\t\t\t<div class=\"premium-button-text-icon-wrapper\">\r\n\t\t\t\t\t\t\t<span>Grade Curricular<\/span>\r\n\t\t\t\t\t\t<\/div>\r\n\r\n\t\t\t\t\t\t\r\n\t\t\t\t\t\t\r\n\t\t\t\t\t\t\r\n\t\t\t\t\t<\/button>\r\n\t\t\t\t\t\t\t<\/div>\r\n\r\n\t\t\t<div id=\"premium-modal-76889cd\" class=\"premium-modal-box-modal\"\r\n\t\t\trole=\"dialog\"\r\n\t\t\tstyle=\"display: none\"\r\n\t\t\t>\r\n\t\t\t\t<div class=\"premium-modal-box-modal-dialog\" data-delay-animation=\"\" data-modal-animation=\"fadeInDown animated-fast\">\r\n\t\t\t\t\t\t\t\t\t\t\t<div class=\"premium-modal-box-modal-header\">\r\n\t\t\t\t\t\t\t\t\t\t\t\t\t\t\t<h3 class=\"premium-modal-box-modal-title\">\r\n\t\t\t\t\t\t\t\t\tGrade Curricular\t\t\t\t\t\t\t\t<\/h3>\r\n\t\t\t\t\t\t\t\t\t\t\t\t\t\t\t\t\t\t\t\t\t\t<div class=\"premium-modal-box-close-button-container\">\r\n\t\t\t\t\t\t\t\t\t<button type=\"button\" class=\"premium-modal-box-modal-close\" data-dismiss=\"premium-modal\">&times;<\/button>\r\n\t\t\t\t\t\t\t\t<\/div>\r\n\t\t\t\t\t\t\t\t\t\t\t\t\t<\/div>\r\n\t\t\t\t\t\t\t\t\t\t<div class=\"premium-modal-box-modal-body\">\r\n\t\t\t\t\t\t\t\t\t\t\t\t\t<p>Grade curricular do curso<\/p><p><strong><span class=\"wz-bold\">TEOL\u00d3GICAS<\/span><\/strong><\/p><p>1. Estudo Geral de Teologia e suas \u00e1reas (Harmatiologia, Antropologia, Soteriologia)<\/p><p>2. Estudo sobre Deus Tri\u00fano (Vida de Cristo)<\/p><p>3. Estudo sobre a Igreja<\/p><p>4. Estudo sobre a B\u00edblia Sagrada<\/p><p>5. S\u00edntese do estudo interpretativo da B\u00edblia (1A, 1B)<\/p><p>6.\u00a0 Vida de Cristo<\/p><p><strong><span class=\"wz-bold\">B\u00cdBLICAS<\/span><\/strong><\/p><p>7. S\u00edntese do Antigo Testamento<\/p><p>8. Arqueologia B\u00edblica<\/p><p>9.\u00a0 Ep\u00edstolas Pastorais<\/p><p>10. S\u00edntese do Novo Testamento<\/p><p>11.\u00a0 Salmos Messi\u00e2nicos<\/p><p><strong><span class=\"wz-bold\">MINISTERIAIS<\/span><\/strong><\/p><p>12. Estudo sobre a arte de falar em p\u00fablico<\/p><p>13. Educa\u00e7\u00e3o e Did\u00e1tica Crist\u00e3<\/p><p>14. Estudo sobre Miss\u00f5es, Evangelismo e Discipulado<\/p><p>15. Aconselhamento b\u00edblico<\/p><p>16. No\u00e7\u00f5es de Administra\u00e7\u00e3o Eclesi\u00e1stica<\/p><p>17.\u00a0 Discipulado Din\u00e2mico<\/p>\r\n\t\t\t\t\t\t\t\t\t\t\t<\/div>\r\n\t\t\t\t\t\t\t\t\t\t\t<div class=\"premium-modal-box-modal-footer\">\r\n\t\t\t\t\t\t\t<button type=\"button\" class=\"premium-modal-box-modal-lower-close\" data-dismiss=\"premium-modal\">\r\n\t\t\t\t\t\t\t\tFechar\t\t\t\t\t\t\t<\/button>\r\n\t\t\t\t\t\t<\/div>\r\n\t\t\t\t\t\t\t\t\t<\/div>\r\n\t\t\t<\/div>\r\n\t\t<\/div>\r\n\t\t\t\t\t\t<\/div>\n\t\t\t\t<\/div>\n\t\t\t\t\t<\/div>\n\t\t<\/div>\n\t\t\t\t<div class=\"elementor-column elementor-col-33 elementor-inner-column elementor-element elementor-element-79709c27\" data-id=\"79709c27\" data-element_type=\"column\">\n\t\t\t<div class=\"elementor-widget-wrap elementor-element-populated\">\n\t\t\t\t\t\t<div class=\"elementor-element elementor-element-6ab91f9e elementor-position-top elementor-widget elementor-widget-image-box\" data-id=\"6ab91f9e\" data-element_type=\"widget\" data-widget_type=\"image-box.default\">\n\t\t\t\t<div class=\"elementor-widget-container\">\n\t\t\t\t\t<div class=\"elementor-image-box-wrapper\"><figure class=\"elementor-image-box-img\"><img decoding=\"async\" width=\"370\" height=\"250\" src=\"https:\/\/ftaabecar.org\/wp-content\/uploads\/2018\/02\/courses-05-free-img.jpg\" class=\"attachment-full size-full wp-image-56\" alt=\"Courses Image 05\" srcset=\"https:\/\/ftaabecar.org\/wp-content\/uploads\/2018\/02\/courses-05-free-img.jpg 370w, https:\/\/ftaabecar.org\/wp-content\/uploads\/2018\/02\/courses-05-free-img-300x203.jpg 300w\" sizes=\"(max-width: 370px) 100vw, 370px\" \/><\/figure><div class=\"elementor-image-box-content\"><h3 class=\"elementor-image-box-title\">Licenciatura em Teologia<\/h3><p class=\"elementor-image-box-description\">O Programa de Licenciatura em Teologia oferece uma ampla grade de conte\u00fados teol\u00f3gicos e ministeriais capacitando o aluno a melhor cumprir sua voca\u00e7\u00e3o. <\/p><\/div><\/div>\t\t\t\t<\/div>\n\t\t\t\t<\/div>\n\t\t\t\t<div class=\"elementor-element elementor-element-a0e9f0f premium-modal-dismissible-yes elementor-widget elementor-widget-premium-addon-modal-box\" data-id=\"a0e9f0f\" data-element_type=\"widget\" data-settings=\"{&quot;premium_modal_box_animation&quot;:&quot;fadeInDown&quot;}\" data-widget_type=\"premium-addon-modal-box.default\">\n\t\t\t\t<div class=\"elementor-widget-container\">\n\t\t\t\t\t\r\n\t\t<div class=\"premium-modal-box-container\" data-settings=\"{&quot;trigger&quot;:&quot;button&quot;,&quot;show_on_exit&quot;:false}\">\r\n\t\t\t<div class=\"premium-modal-trigger-container\">\r\n\t\t\t\t\t\t\t\t\t<button data-toggle=\"premium-modal\" data-target=\"#premium-modal-a0e9f0f\" type=\"button\" class=\"premium-modal-trigger-btn premium-btn-lg premium-button-none \" data-text=\"Grade Curricular\">\r\n\r\n\t\t\t\t\t\t\r\n\t\t\t\t\t\t<div class=\"premium-button-text-icon-wrapper\">\r\n\t\t\t\t\t\t\t<span>Grade Curricular<\/span>\r\n\t\t\t\t\t\t<\/div>\r\n\r\n\t\t\t\t\t\t\r\n\t\t\t\t\t\t\r\n\t\t\t\t\t\t\r\n\t\t\t\t\t<\/button>\r\n\t\t\t\t\t\t\t<\/div>\r\n\r\n\t\t\t<div id=\"premium-modal-a0e9f0f\" class=\"premium-modal-box-modal\"\r\n\t\t\trole=\"dialog\"\r\n\t\t\tstyle=\"display: none\"\r\n\t\t\t>\r\n\t\t\t\t<div class=\"premium-modal-box-modal-dialog\" data-delay-animation=\"\" data-modal-animation=\"fadeInDown animated-fast\">\r\n\t\t\t\t\t\t\t\t\t\t\t<div class=\"premium-modal-box-modal-header\">\r\n\t\t\t\t\t\t\t\t\t\t\t\t\t\t\t<h3 class=\"premium-modal-box-modal-title\">\r\n\t\t\t\t\t\t\t\t\tCurr\u00edculo Licenciatura\t\t\t\t\t\t\t\t<\/h3>\r\n\t\t\t\t\t\t\t\t\t\t\t\t\t\t\t\t\t\t\t\t\t\t<div class=\"premium-modal-box-close-button-container\">\r\n\t\t\t\t\t\t\t\t\t<button type=\"button\" class=\"premium-modal-box-modal-close\" data-dismiss=\"premium-modal\">&times;<\/button>\r\n\t\t\t\t\t\t\t\t<\/div>\r\n\t\t\t\t\t\t\t\t\t\t\t\t\t<\/div>\r\n\t\t\t\t\t\t\t\t\t\t<div class=\"premium-modal-box-modal-body\">\r\n\t\t\t\t\t\t\t\t\t\t\t\t\t<div>1. Introdu\u00e7\u00e3o B\u00edblica 01<\/div><div>2. Hermen\u00eautica I \u2013 A 01<\/div><div>3. S\u00edntese do Antigo Testamento 03<\/div><div>4. S\u00edntese do Novo Testamento 03<\/div><div>5. Hermen\u00eautica I \u2013 B 01<\/div><div>6. Hermen\u00eautica II 03<\/div><div>7. An\u00e1lise de Romanos 03<\/div><div>8. Evangeliza\u00e7\u00e3o e Discipulado 03<\/div><div>9. Teologia Sistem\u00e1tica (Bibliologia\/Teologia\/Cristologia) 03<\/div><div>10. Teologia Sistem\u00e1tica (Pneumatologia\/Angelologia) 03<\/div><div>11. Teologia Sistem\u00e1tica (Antropologia\/Hamartiologia\/Soteriologia) 03<\/div><div>12. Teologia Sistem\u00e1tica (Escatologia) 03<\/div><div>13. Teologia Sistem\u00e1tica (Eclesiologia) 01<\/div><div>14. Salmos Messi\u00e2nicos 01<\/div><div>15. Hist\u00f3ria Eclesi\u00e1stica 02<\/div><div>16. Esdras\/ Neemias 02<\/div><div>17. Geografia B\u00edblica 01<\/div><div>18. Arqueologia B\u00edblica 02<\/div><div>19. Psicologia Anal\u00edtica 02<\/div><div>20. Aconselhamento Centrado em Cristo 03<\/div><div>21. An\u00e1lise de I Corintios 02<\/div><div>22. Grego I 03<\/div><div>23. Grego II 03<\/div><div>24. Grego III 03<\/div><div>25. Educa\u00e7\u00e3o Crist\u00e3 03<\/div><div>26. Hist\u00f3ria da Filosofia 03<\/div><div>27. Filosofia da Educa\u00e7\u00e3o 01<\/div><div>28. Filosofia da Religi\u00e3o 01<\/div><div>29. Religi\u00f5es Comparadas e Seitas 01<\/div><div>30. Teologia de Miss\u00f5es 01<\/div><div>31. Miss\u00f5es Transculturais 01<\/div><div>32. Miss\u00f5es \u00c9tnicas 01<\/div><div>33. \u00c9tica Crist\u00e3 01<\/div><div>34. Teoria do Conhecimento 01<\/div><div>35. Homil\u00e9tica 02<\/div><div>36. Prega\u00e7\u00e3o Expositiva 01<\/div><div>37. Hebraico I 03<\/div><div>38. Hebraico II 03<\/div><div>39. L\u00f3gica 03<\/div><div>40. Metaf\u00edsica 01<\/div><div>41. Apolog\u00e9tica Crist\u00e3 01<\/div><div>42. Teologia Pastoral 01<\/div><div>43. Administra\u00e7\u00e3o Eclesi\u00e1stica 01<\/div><div>44. Pragm\u00e1tica Pastoral 01<\/div><div>45. Sociologia 02<\/div><div>46. Lideran\u00e7a Eclesi\u00e1stica 01<\/div><div>47. Metodologia Cientifica 01<\/div><div>49. Pentateuco 01<\/div><div>* As mat\u00e9rias podem ser alteradas sem pr\u00e9vio aviso.<\/div>\r\n\t\t\t\t\t\t\t\t\t\t\t<\/div>\r\n\t\t\t\t\t\t\t\t\t\t\t<div class=\"premium-modal-box-modal-footer\">\r\n\t\t\t\t\t\t\t<button type=\"button\" class=\"premium-modal-box-modal-lower-close\" data-dismiss=\"premium-modal\">\r\n\t\t\t\t\t\t\t\tFechar\t\t\t\t\t\t\t<\/button>\r\n\t\t\t\t\t\t<\/div>\r\n\t\t\t\t\t\t\t\t\t<\/div>\r\n\t\t\t<\/div>\r\n\t\t<\/div>\r\n\t\t\t\t\t\t<\/div>\n\t\t\t\t<\/div>\n\t\t\t\t\t<\/div>\n\t\t<\/div>\n\t\t\t\t<div class=\"elementor-column elementor-col-33 elementor-inner-column elementor-element elementor-element-6868b474\" data-id=\"6868b474\" data-element_type=\"column\">\n\t\t\t<div class=\"elementor-widget-wrap elementor-element-populated\">\n\t\t\t\t\t\t<div class=\"elementor-element elementor-element-40f138c3 elementor-position-top elementor-widget elementor-widget-image-box\" data-id=\"40f138c3\" data-element_type=\"widget\" data-widget_type=\"image-box.default\">\n\t\t\t\t<div class=\"elementor-widget-container\">\n\t\t\t\t\t<div class=\"elementor-image-box-wrapper\"><figure class=\"elementor-image-box-img\"><img decoding=\"async\" width=\"370\" height=\"250\" src=\"https:\/\/ftaabecar.org\/wp-content\/uploads\/2019\/11\/person-using-macbook.jpg\" class=\"attachment-full size-full wp-image-386\" alt=\"\" srcset=\"https:\/\/ftaabecar.org\/wp-content\/uploads\/2019\/11\/person-using-macbook.jpg 370w, https:\/\/ftaabecar.org\/wp-content\/uploads\/2019\/11\/person-using-macbook-300x203.jpg 300w\" sizes=\"(max-width: 370px) 100vw, 370px\" \/><\/figure><div class=\"elementor-image-box-content\"><h3 class=\"elementor-image-box-title\">Bacharelado em Teologia<\/h3><p class=\"elementor-image-box-description\">O Bacharelado em Teologia oferece v\u00e1rias \u00e1reas de concentra\u00e7\u00e3o como por exemplo, aconselhamento pastoral ou concentra\u00e7\u00e3o no Novo Testamento<\/p><\/div><\/div>\t\t\t\t<\/div>\n\t\t\t\t<\/div>\n\t\t\t\t<div class=\"elementor-element elementor-element-46f9884 premium-modal-dismissible-yes elementor-widget elementor-widget-premium-addon-modal-box\" data-id=\"46f9884\" data-element_type=\"widget\" data-settings=\"{&quot;premium_modal_box_animation&quot;:&quot;fadeInDown&quot;}\" data-widget_type=\"premium-addon-modal-box.default\">\n\t\t\t\t<div class=\"elementor-widget-container\">\n\t\t\t\t\t\r\n\t\t<div class=\"premium-modal-box-container\" data-settings=\"{&quot;trigger&quot;:&quot;button&quot;,&quot;show_on_exit&quot;:false}\">\r\n\t\t\t<div class=\"premium-modal-trigger-container\">\r\n\t\t\t\t\t\t\t\t\t<button data-toggle=\"premium-modal\" data-target=\"#premium-modal-46f9884\" type=\"button\" class=\"premium-modal-trigger-btn premium-btn-lg premium-button-none \" data-text=\"Grade Curricular\">\r\n\r\n\t\t\t\t\t\t\r\n\t\t\t\t\t\t<div class=\"premium-button-text-icon-wrapper\">\r\n\t\t\t\t\t\t\t<span>Grade Curricular<\/span>\r\n\t\t\t\t\t\t<\/div>\r\n\r\n\t\t\t\t\t\t\r\n\t\t\t\t\t\t\r\n\t\t\t\t\t\t\r\n\t\t\t\t\t<\/button>\r\n\t\t\t\t\t\t\t<\/div>\r\n\r\n\t\t\t<div id=\"premium-modal-46f9884\" class=\"premium-modal-box-modal\"\r\n\t\t\trole=\"dialog\"\r\n\t\t\tstyle=\"display: none\"\r\n\t\t\t>\r\n\t\t\t\t<div class=\"premium-modal-box-modal-dialog\" data-delay-animation=\"\" data-modal-animation=\"fadeInDown animated-fast\">\r\n\t\t\t\t\t\t\t\t\t\t\t<div class=\"premium-modal-box-modal-header\">\r\n\t\t\t\t\t\t\t\t\t\t\t\t\t\t\t<h3 class=\"premium-modal-box-modal-title\">\r\n\t\t\t\t\t\t\t\t\tBacharelado em Teologia\t\t\t\t\t\t\t\t<\/h3>\r\n\t\t\t\t\t\t\t\t\t\t\t\t\t\t\t\t\t\t\t\t\t\t<div class=\"premium-modal-box-close-button-container\">\r\n\t\t\t\t\t\t\t\t\t<button type=\"button\" class=\"premium-modal-box-modal-close\" data-dismiss=\"premium-modal\">&times;<\/button>\r\n\t\t\t\t\t\t\t\t<\/div>\r\n\t\t\t\t\t\t\t\t\t\t\t\t\t<\/div>\r\n\t\t\t\t\t\t\t\t\t\t<div class=\"premium-modal-box-modal-body\">\r\n\t\t\t\t\t\t\t\t\t\t\t\t\t<p><strong>Bacharelado em Antigo Testamento<\/strong><\/p><p>Metodologia Cientifica;<\/p><p>Hebraico III;<\/p><p>Hebraico IV;<\/p><p>Cr\u00edtica Textual do Velho Testamento;<\/p><p>Teologia do Velho Testamento;<\/p><p>\u00a0Implanta\u00e7\u00e3o de Igrejas;<\/p><p>\u00a0Projeto Ministerial Perspectivo (Est\u00e1gio Especializado);<\/p><p>\u00a0An\u00e1lise dos Salmos Messi\u00e2nicos;<\/p><p>\u00a0Septuaginta;<\/p><p>\u00a0Teologia do Velho Testamento II;<\/p><p>\u00a0An\u00e1lise de Ju\u00edzes;<\/p><p>\u00a0 \u00a0 \u00a0 \u00a0 \u00a0 \u00a0 \u00a0 \u00a0 \u00a0 \u00a0 \u00a0 \u00a0 \u00a0 \u00a0 \u00a0 \u00a0 \u00a0 \u00a0 \u00a0 \u00a0 \u00a0 \u00a0 \u00a0 \u00a0 \u00a0 \u00a0 \u00a0 \u00a0 \u00a0 \u00a0 \u00a0 \u00a0 \u00a0 \u00a0 \u00a0 \u00a0 \u00a0 \u00a0 \u00a0 \u00a0 \u00a0 \u00a0 \u00a0 \u00a0 \u00a0 \u00a0 \u00a0 \u00a0 \u00a0\u00a0TESE<\/p><p><strong>Bacharelado em Novo Testamento<\/strong><\/p><p>Metodologia Cientifica;<\/p><p>Cr\u00edtica Textual do Novo Testamento;<\/p><p>Implanta\u00e7\u00e3o de Igrejas;<\/p><p>Fazer tarefas no Programa de Estudo para a \u00e1rea do Novo Testamento;<\/p><p>Exegese: Hebreus 6.1-12 e I Cor\u00edntios 13.10-13;<\/p><p>Projeto Ministerial Perspectivo (Est\u00e1gio Especializado);<\/p><p>Estudos em Literatura Extra-Can\u00f4nica;<\/p><p>Cultura \/ Costumes do Novo Testamento;<\/p><p>\u00a0Teologia do Novo Testamento;<\/p><p>\u00a0An\u00e1lise do Apocalipse;<\/p><p>\u00a0 \u00a0 \u00a0 \u00a0 \u00a0 \u00a0 \u00a0 \u00a0 \u00a0 \u00a0 \u00a0 \u00a0 \u00a0 \u00a0 \u00a0 \u00a0 \u00a0 \u00a0 \u00a0 \u00a0 \u00a0 \u00a0 \u00a0 \u00a0 \u00a0 \u00a0 \u00a0 \u00a0 \u00a0 \u00a0 \u00a0 \u00a0 \u00a0 \u00a0 \u00a0 \u00a0 \u00a0 \u00a0 \u00a0 \u00a0 \u00a0 \u00a0 \u00a0 \u00a0 \u00a0 \u00a0 \u00a0 \u00a0 \u00a0\u00a0TESE<\/p><div><div><div><div><div><div><div><div><div><div><div><div><div>\u00a0<\/div><\/div><\/div><\/div><\/div><\/div><\/div><\/div><\/div><\/div><\/div><\/div><\/div>\r\n\t\t\t\t\t\t\t\t\t\t\t<\/div>\r\n\t\t\t\t\t\t\t\t\t\t\t<div class=\"premium-modal-box-modal-footer\">\r\n\t\t\t\t\t\t\t<button type=\"button\" class=\"premium-modal-box-modal-lower-close\" data-dismiss=\"premium-modal\">\r\n\t\t\t\t\t\t\t\tFechar\t\t\t\t\t\t\t<\/button>\r\n\t\t\t\t\t\t<\/div>\r\n\t\t\t\t\t\t\t\t\t<\/div>\r\n\t\t\t<\/div>\r\n\t\t<\/div>\r\n\t\t\t\t\t\t<\/div>\n\t\t\t\t<\/div>\n\t\t\t\t\t<\/div>\n\t\t<\/div>\n\t\t\t\t\t<\/div>\n\t\t<\/section>\n\t\t\t\t<section class=\"elementor-section elementor-inner-section elementor-element elementor-element-62a0d643 elementor-section-boxed elementor-section-height-default elementor-section-height-default\" data-id=\"62a0d643\" data-element_type=\"section\">\n\t\t\t\t\t\t<div class=\"elementor-container elementor-column-gap-default\">\n\t\t\t\t\t<div class=\"elementor-column elementor-col-33 elementor-inner-column elementor-element elementor-element-2f4f24fc\" data-id=\"2f4f24fc\" data-element_type=\"column\">\n\t\t\t<div class=\"elementor-widget-wrap elementor-element-populated\">\n\t\t\t\t\t\t<div class=\"elementor-element elementor-element-296eb1f9 elementor-position-top elementor-widget elementor-widget-image-box\" data-id=\"296eb1f9\" data-element_type=\"widget\" data-widget_type=\"image-box.default\">\n\t\t\t\t<div class=\"elementor-widget-container\">\n\t\t\t\t\t<div class=\"elementor-image-box-wrapper\"><figure class=\"elementor-image-box-img\"><img fetchpriority=\"high\" decoding=\"async\" width=\"370\" height=\"247\" src=\"https:\/\/ftaabecar.org\/wp-content\/uploads\/2020\/09\/workplace-team-business-meeting-1245776-e1599584481496.jpg\" class=\"attachment-full size-full wp-image-967\" alt=\"curso, teologia, faculdade, reconhecido, mec\" \/><\/figure><div class=\"elementor-image-box-content\"><h3 class=\"elementor-image-box-title\">Mestrado em Estudos B\u00edblicos<\/h3><p class=\"elementor-image-box-description\">ABECAR oferece programas de Mestrado com reconhecimento intracorpus (AETAL). Distintos por prop\u00f3sito, conte\u00fado e pelo interesse ministerial do aluno em seus estudos de p\u00f3s-gradua\u00e7\u00e3o<\/p><\/div><\/div>\t\t\t\t<\/div>\n\t\t\t\t<\/div>\n\t\t\t\t<div class=\"elementor-element elementor-element-d143717 premium-modal-dismissible-yes elementor-widget elementor-widget-premium-addon-modal-box\" data-id=\"d143717\" data-element_type=\"widget\" data-settings=\"{&quot;premium_modal_box_animation&quot;:&quot;fadeInDown&quot;}\" data-widget_type=\"premium-addon-modal-box.default\">\n\t\t\t\t<div class=\"elementor-widget-container\">\n\t\t\t\t\t\r\n\t\t<div class=\"premium-modal-box-container\" data-settings=\"{&quot;trigger&quot;:&quot;button&quot;,&quot;show_on_exit&quot;:false}\">\r\n\t\t\t<div class=\"premium-modal-trigger-container\">\r\n\t\t\t\t\t\t\t\t\t<button data-toggle=\"premium-modal\" data-target=\"#premium-modal-d143717\" type=\"button\" class=\"premium-modal-trigger-btn premium-btn-lg premium-button-none \" data-text=\"Grade Curricular\">\r\n\r\n\t\t\t\t\t\t\r\n\t\t\t\t\t\t<div class=\"premium-button-text-icon-wrapper\">\r\n\t\t\t\t\t\t\t<span>Grade Curricular<\/span>\r\n\t\t\t\t\t\t<\/div>\r\n\r\n\t\t\t\t\t\t\r\n\t\t\t\t\t\t\r\n\t\t\t\t\t\t\r\n\t\t\t\t\t<\/button>\r\n\t\t\t\t\t\t\t<\/div>\r\n\r\n\t\t\t<div id=\"premium-modal-d143717\" class=\"premium-modal-box-modal\"\r\n\t\t\trole=\"dialog\"\r\n\t\t\tstyle=\"display: none\"\r\n\t\t\t>\r\n\t\t\t\t<div class=\"premium-modal-box-modal-dialog\" data-delay-animation=\"\" data-modal-animation=\"fadeInDown animated-fast\">\r\n\t\t\t\t\t\t\t\t\t\t\t<div class=\"premium-modal-box-modal-header\">\r\n\t\t\t\t\t\t\t\t\t\t\t\t\t\t\t<h3 class=\"premium-modal-box-modal-title\">\r\n\t\t\t\t\t\t\t\t\tMestrado em Estudos B\u00edblicos\t\t\t\t\t\t\t\t<\/h3>\r\n\t\t\t\t\t\t\t\t\t\t\t\t\t\t\t\t\t\t\t\t\t\t<div class=\"premium-modal-box-close-button-container\">\r\n\t\t\t\t\t\t\t\t\t<button type=\"button\" class=\"premium-modal-box-modal-close\" data-dismiss=\"premium-modal\">&times;<\/button>\r\n\t\t\t\t\t\t\t\t<\/div>\r\n\t\t\t\t\t\t\t\t\t\t\t\t\t<\/div>\r\n\t\t\t\t\t\t\t\t\t\t<div class=\"premium-modal-box-modal-body\">\r\n\t\t\t\t\t\t\t\t\t\t\t\t\t<p>Hist\u00f3ria do Antigo Testamento <\/p><p>Poesia Vetero-Testament\u00e1ria <\/p><p>Profecia Vetero-Testament\u00e1ria <\/p><p>Evangelho &amp; Atos <\/p><p>Ep\u00edstolas Paulinas<\/p><p>Ep\u00edstolas Universais <\/p><p>Hermen\u00eautica Avan\u00e7ada-M\u00e9todo Indutivo <\/p><p>Teologia Sistem\u00e1tica AHS <\/p><p>Teologia Sistem\u00e1tica BTC <\/p><p>Teologia Sistem\u00e1tica PA <\/p><p>Teologia Dispensacionalista\/Pactualista <\/p><p>M\u00e9todos de Pesquisa <\/p><p>TESE.<\/p><p>\u00a0<\/p>\r\n\t\t\t\t\t\t\t\t\t\t\t<\/div>\r\n\t\t\t\t\t\t\t\t\t\t\t<div class=\"premium-modal-box-modal-footer\">\r\n\t\t\t\t\t\t\t<button type=\"button\" class=\"premium-modal-box-modal-lower-close\" data-dismiss=\"premium-modal\">\r\n\t\t\t\t\t\t\t\tFechar\t\t\t\t\t\t\t<\/button>\r\n\t\t\t\t\t\t<\/div>\r\n\t\t\t\t\t\t\t\t\t<\/div>\r\n\t\t\t<\/div>\r\n\t\t<\/div>\r\n\t\t\t\t\t\t<\/div>\n\t\t\t\t<\/div>\n\t\t\t\t\t<\/div>\n\t\t<\/div>\n\t\t\t\t<div class=\"elementor-column elementor-col-33 elementor-inner-column elementor-element elementor-element-58f024\" data-id=\"58f024\" data-element_type=\"column\">\n\t\t\t<div class=\"elementor-widget-wrap elementor-element-populated\">\n\t\t\t\t\t\t<div class=\"elementor-element elementor-element-6528893 elementor-position-top elementor-widget elementor-widget-image-box\" data-id=\"6528893\" data-element_type=\"widget\" data-widget_type=\"image-box.default\">\n\t\t\t\t<div class=\"elementor-widget-container\">\n\t\t\t\t\t<div class=\"elementor-image-box-wrapper\"><figure class=\"elementor-image-box-img\"><img loading=\"lazy\" decoding=\"async\" width=\"1280\" height=\"853\" src=\"https:\/\/ftaabecar.org\/wp-content\/uploads\/2020\/09\/study-read-book-862994.jpg\" class=\"attachment-full size-full wp-image-998\" alt=\"study, read, book\" srcset=\"https:\/\/ftaabecar.org\/wp-content\/uploads\/2020\/09\/study-read-book-862994.jpg 1280w, https:\/\/ftaabecar.org\/wp-content\/uploads\/2020\/09\/study-read-book-862994-300x200.jpg 300w, https:\/\/ftaabecar.org\/wp-content\/uploads\/2020\/09\/study-read-book-862994-1024x682.jpg 1024w, https:\/\/ftaabecar.org\/wp-content\/uploads\/2020\/09\/study-read-book-862994-768x512.jpg 768w\" sizes=\"(max-width: 1280px) 100vw, 1280px\" \/><\/figure><div class=\"elementor-image-box-content\"><h3 class=\"elementor-image-box-title\">Mestrado em Psicologia Pastoral<\/h3><p class=\"elementor-image-box-description\">Programa de aperfei\u00e7oamento teol\u00f3gico acad\u00eamico com \u00eanfase no Aconselhamento Pastoral. <\/p><\/div><\/div>\t\t\t\t<\/div>\n\t\t\t\t<\/div>\n\t\t\t\t<div class=\"elementor-element elementor-element-909a720 premium-modal-dismissible-yes elementor-widget elementor-widget-premium-addon-modal-box\" data-id=\"909a720\" data-element_type=\"widget\" data-settings=\"{&quot;premium_modal_box_animation&quot;:&quot;fadeInDown&quot;}\" data-widget_type=\"premium-addon-modal-box.default\">\n\t\t\t\t<div class=\"elementor-widget-container\">\n\t\t\t\t\t\r\n\t\t<div class=\"premium-modal-box-container\" data-settings=\"{&quot;trigger&quot;:&quot;button&quot;,&quot;show_on_exit&quot;:false}\">\r\n\t\t\t<div class=\"premium-modal-trigger-container\">\r\n\t\t\t\t\t\t\t\t\t<button data-toggle=\"premium-modal\" data-target=\"#premium-modal-909a720\" type=\"button\" class=\"premium-modal-trigger-btn premium-btn-lg premium-button-none \" data-text=\"Grade Curricular\">\r\n\r\n\t\t\t\t\t\t\r\n\t\t\t\t\t\t<div class=\"premium-button-text-icon-wrapper\">\r\n\t\t\t\t\t\t\t<span>Grade Curricular<\/span>\r\n\t\t\t\t\t\t<\/div>\r\n\r\n\t\t\t\t\t\t\r\n\t\t\t\t\t\t\r\n\t\t\t\t\t\t\r\n\t\t\t\t\t<\/button>\r\n\t\t\t\t\t\t\t<\/div>\r\n\r\n\t\t\t<div id=\"premium-modal-909a720\" class=\"premium-modal-box-modal\"\r\n\t\t\trole=\"dialog\"\r\n\t\t\tstyle=\"display: none\"\r\n\t\t\t>\r\n\t\t\t\t<div class=\"premium-modal-box-modal-dialog\" data-delay-animation=\"\" data-modal-animation=\"fadeInDown animated-fast\">\r\n\t\t\t\t\t\t\t\t\t\t\t<div class=\"premium-modal-box-modal-header\">\r\n\t\t\t\t\t\t\t\t\t\t\t\t\t\t\t<h3 class=\"premium-modal-box-modal-title\">\r\n\t\t\t\t\t\t\t\t\tMestrado em Psicologia Pastoral\t\t\t\t\t\t\t\t<\/h3>\r\n\t\t\t\t\t\t\t\t\t\t\t\t\t\t\t\t\t\t\t\t\t\t<div class=\"premium-modal-box-close-button-container\">\r\n\t\t\t\t\t\t\t\t\t<button type=\"button\" class=\"premium-modal-box-modal-close\" data-dismiss=\"premium-modal\">&times;<\/button>\r\n\t\t\t\t\t\t\t\t<\/div>\r\n\t\t\t\t\t\t\t\t\t\t\t\t\t<\/div>\r\n\t\t\t\t\t\t\t\t\t\t<div class=\"premium-modal-box-modal-body\">\r\n\t\t\t\t\t\t\t\t\t\t\t\t\t<p><strong>Psicologia Pastoral<\/strong><\/p><p>Psicologia &#8211; Teologia<\/p><p>Desenvolvimento da Personalidade<\/p><p>Minist\u00e9rio de Aconselhamento<\/p><p>Aconselhamento de Crises<\/p><p>Aconselhamento Vocacional<\/p><p>Aconselhamento B\u00edblico<\/p><p>Aconselhamento em Situa\u00e7\u00e3o de Crises<\/p><p>Psicologia da Anormalidade<\/p><p>Aconselhamento Pr\u00e9-conjugal<\/p><p>M\u00e9todos de Pesquisa<\/p><p>Pr\u00e9-Milenismo<\/p><p>TCC<\/p>\r\n\t\t\t\t\t\t\t\t\t\t\t<\/div>\r\n\t\t\t\t\t\t\t\t\t\t\t<div class=\"premium-modal-box-modal-footer\">\r\n\t\t\t\t\t\t\t<button type=\"button\" class=\"premium-modal-box-modal-lower-close\" data-dismiss=\"premium-modal\">\r\n\t\t\t\t\t\t\t\tFechar\t\t\t\t\t\t\t<\/button>\r\n\t\t\t\t\t\t<\/div>\r\n\t\t\t\t\t\t\t\t\t<\/div>\r\n\t\t\t<\/div>\r\n\t\t<\/div>\r\n\t\t\t\t\t\t<\/div>\n\t\t\t\t<\/div>\n\t\t\t\t\t<\/div>\n\t\t<\/div>\n\t\t\t\t<div class=\"elementor-column elementor-col-33 elementor-inner-column elementor-element elementor-element-2aef8492\" data-id=\"2aef8492\" data-element_type=\"column\">\n\t\t\t<div class=\"elementor-widget-wrap elementor-element-populated\">\n\t\t\t\t\t\t<div class=\"elementor-element elementor-element-66acc5b7 elementor-position-top elementor-widget elementor-widget-image-box\" data-id=\"66acc5b7\" data-element_type=\"widget\" data-widget_type=\"image-box.default\">\n\t\t\t\t<div class=\"elementor-widget-container\">\n\t\t\t\t\t<div class=\"elementor-image-box-wrapper\"><figure class=\"elementor-image-box-img\"><img loading=\"lazy\" decoding=\"async\" width=\"1280\" height=\"847\" src=\"https:\/\/ftaabecar.org\/wp-content\/uploads\/2020\/09\/library-books-knowledge-1147815.jpg\" class=\"attachment-full size-full wp-image-995\" alt=\"library, books, knowledge\" srcset=\"https:\/\/ftaabecar.org\/wp-content\/uploads\/2020\/09\/library-books-knowledge-1147815.jpg 1280w, https:\/\/ftaabecar.org\/wp-content\/uploads\/2020\/09\/library-books-knowledge-1147815-300x199.jpg 300w, https:\/\/ftaabecar.org\/wp-content\/uploads\/2020\/09\/library-books-knowledge-1147815-1024x678.jpg 1024w, https:\/\/ftaabecar.org\/wp-content\/uploads\/2020\/09\/library-books-knowledge-1147815-768x508.jpg 768w\" sizes=\"(max-width: 1280px) 100vw, 1280px\" \/><\/figure><div class=\"elementor-image-box-content\"><h3 class=\"elementor-image-box-title\">Doutorado em Minist\u00e9rio<\/h3><p class=\"elementor-image-box-description\">O curso de Doutorado em Minist\u00e9rio lhe dar\u00e1 o preparo necess\u00e1rio para enfrentar os desafios e as oportunidades no s\u00e9culo XXI com a clareza e a firmeza necess\u00e1rias.\nO curso \u00e9 edificado sobre a forma\u00e7\u00e3o b\u00edblica e teol\u00f3gica previamente adquiridas no bacharelado teol\u00f3gico e\/ou mestrado em teologia.\nVenha fazer parte dessa elite de servi\u00e7o acad\u00eamico!<\/p><\/div><\/div>\t\t\t\t<\/div>\n\t\t\t\t<\/div>\n\t\t\t\t<div class=\"elementor-element elementor-element-1d7d931 premium-modal-dismissible-yes elementor-widget elementor-widget-premium-addon-modal-box\" data-id=\"1d7d931\" data-element_type=\"widget\" data-settings=\"{&quot;premium_modal_box_animation&quot;:&quot;fadeInDown&quot;}\" data-widget_type=\"premium-addon-modal-box.default\">\n\t\t\t\t<div class=\"elementor-widget-container\">\n\t\t\t\t\t\r\n\t\t<div class=\"premium-modal-box-container\" data-settings=\"{&quot;trigger&quot;:&quot;button&quot;,&quot;show_on_exit&quot;:false}\">\r\n\t\t\t<div class=\"premium-modal-trigger-container\">\r\n\t\t\t\t\t\t\t\t\t<button data-toggle=\"premium-modal\" data-target=\"#premium-modal-1d7d931\" type=\"button\" class=\"premium-modal-trigger-btn premium-btn-lg premium-button-none \" data-text=\"Grade Curricular\">\r\n\r\n\t\t\t\t\t\t\r\n\t\t\t\t\t\t<div class=\"premium-button-text-icon-wrapper\">\r\n\t\t\t\t\t\t\t<span>Grade Curricular<\/span>\r\n\t\t\t\t\t\t<\/div>\r\n\r\n\t\t\t\t\t\t\r\n\t\t\t\t\t\t\r\n\t\t\t\t\t\t\r\n\t\t\t\t\t<\/button>\r\n\t\t\t\t\t\t\t<\/div>\r\n\r\n\t\t\t<div id=\"premium-modal-1d7d931\" class=\"premium-modal-box-modal\"\r\n\t\t\trole=\"dialog\"\r\n\t\t\tstyle=\"display: none\"\r\n\t\t\t>\r\n\t\t\t\t<div class=\"premium-modal-box-modal-dialog\" data-delay-animation=\"\" data-modal-animation=\"fadeInDown animated-fast\">\r\n\t\t\t\t\t\t\t\t\t\t\t<div class=\"premium-modal-box-modal-header\">\r\n\t\t\t\t\t\t\t\t\t\t\t\t\t\t\t<h3 class=\"premium-modal-box-modal-title\">\r\n\t\t\t\t\t\t\t\t\tDoutorado em Minist\u00e9rio\t\t\t\t\t\t\t\t<\/h3>\r\n\t\t\t\t\t\t\t\t\t\t\t\t\t\t\t\t\t\t\t\t\t\t<div class=\"premium-modal-box-close-button-container\">\r\n\t\t\t\t\t\t\t\t\t<button type=\"button\" class=\"premium-modal-box-modal-close\" data-dismiss=\"premium-modal\">&times;<\/button>\r\n\t\t\t\t\t\t\t\t<\/div>\r\n\t\t\t\t\t\t\t\t\t\t\t\t\t<\/div>\r\n\t\t\t\t\t\t\t\t\t\t<div class=\"premium-modal-box-modal-body\">\r\n\t\t\t\t\t\t\t\t\t\t\t\t\t<p><strong><span class=\"wz-bold\">CURR\u00cdCULO DOUTORADO EM MINIST\u00c9RIO:<\/span><\/strong><\/p><div><p>CURSOS FUNDAMENTAIS<\/p><p>(9 CR\u00c9DITOS)<\/p><span class=\"wz-bold\"><br \/><\/span><p>DMIN 810 \u2013 A forma\u00e7\u00e3o Espiritual do Obreiro Crist\u00e3o<\/p><p>DMIN 820 \u2013 Princ\u00edpios Fundamentais do Minist\u00e9rio Crist\u00e3o<\/p><p>DMIN 830 \u2013 Desenvolvimentos Estrat\u00e9gicos de Lideran\u00e7a<\/p><p>CONCENTRA\u00c7\u00c3O\u00a0ACONSELHAMENTO<\/p><p>(6 cr\u00e9ditos)<\/p><p>ACON 810 \u2013 Minist\u00e9rio de Aconselhamento na Igreja Local<\/p><p>ACON 820 \u2013 Aconselhamento Pr\u00e9-conjugal e de Casais Avan\u00e7ado<\/p><p>ACON 830 &#8211; Aconselhamento em situa\u00e7\u00f5es de crise e quest\u00f5es contempor\u00e2neas<\/p><p>CONCENTRA\u00c7\u00c3O\u00a0APOLOG\u00c9TICA<\/p><p>(6 cr\u00e9ditos)<\/p><p>\u00a0<\/p><p>APOL 810 \u2013 Milagres, A Ressurrei\u00e7\u00e3o e o Minist\u00e9rio Crist\u00e3o<\/p><p>APOL 820 &#8211; Apolog\u00e9tica Cultural<\/p><p>CONCENTRA\u00c7\u00c3O\u00a0EVANGELISMO &amp; DISCIPULADO<\/p><p>(6 cr\u00e9ditos)<\/p><p>\u00a0<\/p><p>DSM 810 Fundamentos B\u00edblicos e Filos\u00f3ficos do Discipulado<\/p><p>DSM 820 Modelos Hist\u00f3ricos da Pr\u00e1tica do Discipulado<\/p><p>CONCENTRA\u00c7\u00c3O\u00a0B\u00cdBLIA E TEOLOGIA<\/p><p>(6 cr\u00e9ditos)<\/p><p>BIBL 810 \u2013 Teologia dos Evangelhos<\/p><p>BIBL 820 \u2013 A Teoria e a Pr\u00e1tica da Teologia B\u00edblica<\/p><p>CONCENTRA\u00c7\u00c3O\u00a0HOMIL\u00c9TICA<\/p><p>(6 cr\u00e9ditos)<\/p><p>\u00a0<\/p><p>HOMI 810 \u2013 Prega\u00e7\u00e3o Expositiva do Antigo Testamento<\/p><p>HOMI 820 &#8211; Prega\u00e7\u00e3o Expositiva do Novo Testamento<\/p><div><p>CONCENTRA\u00c7\u00c3O\u00a0LIDERAN\u00c7A<\/p><p>(6 cr\u00e9ditos)<\/p><br \/><p>LID 810 \u2013 Lideran\u00e7a Organizacional no Minist\u00e9rio Crist\u00e3o<\/p><p>LID 820 \u2013 Lideran\u00e7a Pastoral<\/p><br \/><p>PESQUISA E TESE<\/p><p>(9 cr\u00e9ditos)<\/p><br \/><p>TESE 810 \u2013 Metodologia Cient\u00edfica \u00a0<\/p><p>TESE 820 \u2013 Proposta do Projeto de Pesquisa<\/p><p>TESE 830 \u2013 Pesquisa de Campo e Defesa<\/p><\/div><\/div>\r\n\t\t\t\t\t\t\t\t\t\t\t<\/div>\r\n\t\t\t\t\t\t\t\t\t\t\t<div class=\"premium-modal-box-modal-footer\">\r\n\t\t\t\t\t\t\t<button type=\"button\" class=\"premium-modal-box-modal-lower-close\" data-dismiss=\"premium-modal\">\r\n\t\t\t\t\t\t\t\tFechar\t\t\t\t\t\t\t<\/button>\r\n\t\t\t\t\t\t<\/div>\r\n\t\t\t\t\t\t\t\t\t<\/div>\r\n\t\t\t<\/div>\r\n\t\t<\/div>\r\n\t\t\t\t\t\t<\/div>\n\t\t\t\t<\/div>\n\t\t\t\t\t<\/div>\n\t\t<\/div>\n\t\t\t\t\t<\/div>\n\t\t<\/section>\n\t\t\t\t\t<\/div>\n\t\t<\/div>\n\t\t\t\t\t<\/div>\n\t\t<\/section>\n\t\t\t\t<\/div>\n\t\t","protected":false},"excerpt":{"rendered":"<p>Nossos Cursos Confira a Grade Curricular de cada Curso. Gradua\u00e7\u00e3o em Lideran\u00e7a Ministerial O Programa de Lideran\u00e7a Ministerial oferece ferramentas para voc\u00ea desenvolver o minist\u00e9rio eclesi\u00e1stico, dentro das diversas \u00e1reas de atua\u00e7\u00e3o, desenvolvidos na igreja, do infantil ao apoio pastoral. Grade Curricular Grade Curricular &times; Grade curricular do curso TEOL\u00d3GICAS 1. Estudo Geral de Teologia [&hellip;]<\/p>\n","protected":false},"author":1,"featured_media":0,"parent":0,"menu_order":0,"comment_status":"closed","ping_status":"closed","template":"","meta":{"site-sidebar-layout":"no-sidebar","site-content-layout":"page-builder","ast-site-content-layout":"","site-content-style":"default","site-sidebar-style":"default","ast-global-header-display":"","ast-banner-title-visibility":"","ast-main-header-display":"","ast-hfb-above-header-display":"","ast-hfb-below-header-display":"","ast-hfb-mobile-header-display":"","site-post-title":"disabled","ast-breadcrumbs-content":"","ast-featured-img":"disabled","footer-sml-layout":"","theme-transparent-header-meta":"default","adv-header-id-meta":"","stick-header-meta":"","header-above-stick-meta":"","header-main-stick-meta":"","header-below-stick-meta":"","astra-migrate-meta-layouts":"default","ast-page-background-enabled":"default","ast-page-background-meta":{"desktop":{"background-color":"var(--ast-global-color-4)","background-image":"","background-repeat":"repeat","background-position":"center center","background-size":"auto","background-attachment":"scroll","background-type":"","background-media":"","overlay-type":"","overlay-color":"","overlay-opacity":"","overlay-gradient":""},"tablet":{"background-color":"","background-image":"","background-repeat":"repeat","background-position":"center center","background-size":"auto","background-attachment":"scroll","background-type":"","background-media":"","overlay-type":"","overlay-color":"","overlay-opacity":"","overlay-gradient":""},"mobile":{"background-color":"","background-image":"","background-repeat":"repeat","background-position":"center center","background-size":"auto","background-attachment":"scroll","background-type":"","background-media":"","overlay-type":"","overlay-color":"","overlay-opacity":"","overlay-gradient":""}},"ast-content-background-meta":{"desktop":{"background-color":"var(--ast-global-color-5)","background-image":"","background-repeat":"repeat","background-position":"center center","background-size":"auto","background-attachment":"scroll","background-type":"","background-media":"","overlay-type":"","overlay-color":"","overlay-opacity":"","overlay-gradient":""},"tablet":{"background-color":"var(--ast-global-color-5)","background-image":"","background-repeat":"repeat","background-position":"center center","background-size":"auto","background-attachment":"scroll","background-type":"","background-media":"","overlay-type":"","overlay-color":"","overlay-opacity":"","overlay-gradient":""},"mobile":{"background-color":"var(--ast-global-color-5)","background-image":"","background-repeat":"repeat","background-position":"center center","background-size":"auto","background-attachment":"scroll","background-type":"","background-media":"","overlay-type":"","overlay-color":"","overlay-opacity":"","overlay-gradient":""}},"_joinchat":[],"footnotes":""},"class_list":["post-22","page","type-page","status-publish","hentry"],"yoast_head":"<!-- This site is optimized with the Yoast SEO plugin v24.1 - https:\/\/yoast.com\/wordpress\/plugins\/seo\/ -->\n<title>Cursos - Faculdade Teol\u00f3gica Abecar<\/title>\n<meta name=\"robots\" content=\"index, follow, max-snippet:-1, max-image-preview:large, max-video-preview:-1\" \/>\n<link rel=\"canonical\" href=\"https:\/\/ftaabecar.org\/index.php\/courses\/\" \/>\n<meta property=\"og:locale\" content=\"pt_BR\" \/>\n<meta property=\"og:type\" content=\"article\" \/>\n<meta property=\"og:title\" content=\"Cursos - Faculdade Teol\u00f3gica Abecar\" \/>\n<meta property=\"og:description\" content=\"Nossos Cursos Confira a Grade Curricular de cada Curso. Gradua\u00e7\u00e3o em Lideran\u00e7a Ministerial O Programa de Lideran\u00e7a Ministerial oferece ferramentas para voc\u00ea desenvolver o minist\u00e9rio eclesi\u00e1stico, dentro das diversas \u00e1reas de atua\u00e7\u00e3o, desenvolvidos na igreja, do infantil ao apoio pastoral. Grade Curricular Grade Curricular &times; Grade curricular do curso TEOL\u00d3GICAS 1. Estudo Geral de Teologia [&hellip;]\" \/>\n<meta property=\"og:url\" content=\"https:\/\/ftaabecar.org\/index.php\/courses\/\" \/>\n<meta property=\"og:site_name\" content=\"Faculdade Teol\u00f3gica Abecar\" \/>\n<meta property=\"article:publisher\" content=\"https:\/\/www.facebook.com\/ftaabecar\" \/>\n<meta property=\"article:modified_time\" content=\"2020-09-08T18:06:45+00:00\" \/>\n<meta property=\"og:image\" content=\"https:\/\/ftaabecar.org\/wp-content\/uploads\/2020\/09\/workplace-team-business-meeting-1245776-e1599584481496.jpg\" \/>\n<meta name=\"twitter:card\" content=\"summary_large_image\" \/>\n<meta name=\"twitter:label1\" content=\"Est. tempo de leitura\" \/>\n\t<meta name=\"twitter:data1\" content=\"4 minutos\" \/>\n<script type=\"application\/ld+json\" class=\"yoast-schema-graph\">{\"@context\":\"https:\/\/schema.org\",\"@graph\":[{\"@type\":\"WebPage\",\"@id\":\"https:\/\/ftaabecar.org\/index.php\/courses\/\",\"url\":\"https:\/\/ftaabecar.org\/index.php\/courses\/\",\"name\":\"Cursos - Faculdade Teol\u00f3gica Abecar\",\"isPartOf\":{\"@id\":\"https:\/\/ftaabecar.org\/#website\"},\"primaryImageOfPage\":{\"@id\":\"https:\/\/ftaabecar.org\/index.php\/courses\/#primaryimage\"},\"image\":{\"@id\":\"https:\/\/ftaabecar.org\/index.php\/courses\/#primaryimage\"},\"thumbnailUrl\":\"https:\/\/ftaabecar.org\/wp-content\/uploads\/2020\/09\/workplace-team-business-meeting-1245776-e1599584481496.jpg\",\"datePublished\":\"2018-02-12T14:48:01+00:00\",\"dateModified\":\"2020-09-08T18:06:45+00:00\",\"breadcrumb\":{\"@id\":\"https:\/\/ftaabecar.org\/index.php\/courses\/#breadcrumb\"},\"inLanguage\":\"pt-BR\",\"potentialAction\":[{\"@type\":\"ReadAction\",\"target\":[\"https:\/\/ftaabecar.org\/index.php\/courses\/\"]}]},{\"@type\":\"ImageObject\",\"inLanguage\":\"pt-BR\",\"@id\":\"https:\/\/ftaabecar.org\/index.php\/courses\/#primaryimage\",\"url\":\"https:\/\/ftaabecar.org\/wp-content\/uploads\/2020\/09\/workplace-team-business-meeting-1245776-e1599584481496.jpg\",\"contentUrl\":\"https:\/\/ftaabecar.org\/wp-content\/uploads\/2020\/09\/workplace-team-business-meeting-1245776-e1599584481496.jpg\"},{\"@type\":\"BreadcrumbList\",\"@id\":\"https:\/\/ftaabecar.org\/index.php\/courses\/#breadcrumb\",\"itemListElement\":[{\"@type\":\"ListItem\",\"position\":1,\"name\":\"In\u00edcio\",\"item\":\"https:\/\/ftaabecar.org\/\"},{\"@type\":\"ListItem\",\"position\":2,\"name\":\"Cursos\"}]},{\"@type\":\"WebSite\",\"@id\":\"https:\/\/ftaabecar.org\/#website\",\"url\":\"https:\/\/ftaabecar.org\/\",\"name\":\"Faculdade Teol\u00f3gica Abecar\",\"description\":\"Mais perto de voc\u00ea\",\"publisher\":{\"@id\":\"https:\/\/ftaabecar.org\/#organization\"},\"potentialAction\":[{\"@type\":\"SearchAction\",\"target\":{\"@type\":\"EntryPoint\",\"urlTemplate\":\"https:\/\/ftaabecar.org\/?s={search_term_string}\"},\"query-input\":{\"@type\":\"PropertyValueSpecification\",\"valueRequired\":true,\"valueName\":\"search_term_string\"}}],\"inLanguage\":\"pt-BR\"},{\"@type\":\"Organization\",\"@id\":\"https:\/\/ftaabecar.org\/#organization\",\"name\":\"Faculdade Teol\u00f3gica Abecar\",\"url\":\"https:\/\/ftaabecar.org\/\",\"logo\":{\"@type\":\"ImageObject\",\"inLanguage\":\"pt-BR\",\"@id\":\"https:\/\/ftaabecar.org\/#\/schema\/logo\/image\/\",\"url\":\"https:\/\/ftaabecar.org\/wp-content\/uploads\/2022\/06\/Como-Estudar-2.png\",\"contentUrl\":\"https:\/\/ftaabecar.org\/wp-content\/uploads\/2022\/06\/Como-Estudar-2.png\",\"width\":1080,\"height\":1080,\"caption\":\"Faculdade Teol\u00f3gica Abecar\"},\"image\":{\"@id\":\"https:\/\/ftaabecar.org\/#\/schema\/logo\/image\/\"},\"sameAs\":[\"https:\/\/www.facebook.com\/ftaabecar\",\"https:\/\/www.instagram.com\/ftaabecar\/\"]}]}<\/script>\n<!-- \/ Yoast SEO plugin. -->","yoast_head_json":{"title":"Cursos - Faculdade Teol\u00f3gica Abecar","robots":{"index":"index","follow":"follow","max-snippet":"max-snippet:-1","max-image-preview":"max-image-preview:large","max-video-preview":"max-video-preview:-1"},"canonical":"https:\/\/ftaabecar.org\/index.php\/courses\/","og_locale":"pt_BR","og_type":"article","og_title":"Cursos - Faculdade Teol\u00f3gica Abecar","og_description":"Nossos Cursos Confira a Grade Curricular de cada Curso. Gradua\u00e7\u00e3o em Lideran\u00e7a Ministerial O Programa de Lideran\u00e7a Ministerial oferece ferramentas para voc\u00ea desenvolver o minist\u00e9rio eclesi\u00e1stico, dentro das diversas \u00e1reas de atua\u00e7\u00e3o, desenvolvidos na igreja, do infantil ao apoio pastoral. Grade Curricular Grade Curricular &times; Grade curricular do curso TEOL\u00d3GICAS 1. Estudo Geral de Teologia [&hellip;]","og_url":"https:\/\/ftaabecar.org\/index.php\/courses\/","og_site_name":"Faculdade Teol\u00f3gica Abecar","article_publisher":"https:\/\/www.facebook.com\/ftaabecar","article_modified_time":"2020-09-08T18:06:45+00:00","og_image":[{"url":"https:\/\/ftaabecar.org\/wp-content\/uploads\/2020\/09\/workplace-team-business-meeting-1245776-e1599584481496.jpg","type":"","width":"","height":""}],"twitter_card":"summary_large_image","twitter_misc":{"Est. tempo de leitura":"4 minutos"},"schema":{"@context":"https:\/\/schema.org","@graph":[{"@type":"WebPage","@id":"https:\/\/ftaabecar.org\/index.php\/courses\/","url":"https:\/\/ftaabecar.org\/index.php\/courses\/","name":"Cursos - Faculdade Teol\u00f3gica Abecar","isPartOf":{"@id":"https:\/\/ftaabecar.org\/#website"},"primaryImageOfPage":{"@id":"https:\/\/ftaabecar.org\/index.php\/courses\/#primaryimage"},"image":{"@id":"https:\/\/ftaabecar.org\/index.php\/courses\/#primaryimage"},"thumbnailUrl":"https:\/\/ftaabecar.org\/wp-content\/uploads\/2020\/09\/workplace-team-business-meeting-1245776-e1599584481496.jpg","datePublished":"2018-02-12T14:48:01+00:00","dateModified":"2020-09-08T18:06:45+00:00","breadcrumb":{"@id":"https:\/\/ftaabecar.org\/index.php\/courses\/#breadcrumb"},"inLanguage":"pt-BR","potentialAction":[{"@type":"ReadAction","target":["https:\/\/ftaabecar.org\/index.php\/courses\/"]}]},{"@type":"ImageObject","inLanguage":"pt-BR","@id":"https:\/\/ftaabecar.org\/index.php\/courses\/#primaryimage","url":"https:\/\/ftaabecar.org\/wp-content\/uploads\/2020\/09\/workplace-team-business-meeting-1245776-e1599584481496.jpg","contentUrl":"https:\/\/ftaabecar.org\/wp-content\/uploads\/2020\/09\/workplace-team-business-meeting-1245776-e1599584481496.jpg"},{"@type":"BreadcrumbList","@id":"https:\/\/ftaabecar.org\/index.php\/courses\/#breadcrumb","itemListElement":[{"@type":"ListItem","position":1,"name":"In\u00edcio","item":"https:\/\/ftaabecar.org\/"},{"@type":"ListItem","position":2,"name":"Cursos"}]},{"@type":"WebSite","@id":"https:\/\/ftaabecar.org\/#website","url":"https:\/\/ftaabecar.org\/","name":"Faculdade Teol\u00f3gica Abecar","description":"Mais perto de voc\u00ea","publisher":{"@id":"https:\/\/ftaabecar.org\/#organization"},"potentialAction":[{"@type":"SearchAction","target":{"@type":"EntryPoint","urlTemplate":"https:\/\/ftaabecar.org\/?s={search_term_string}"},"query-input":{"@type":"PropertyValueSpecification","valueRequired":true,"valueName":"search_term_string"}}],"inLanguage":"pt-BR"},{"@type":"Organization","@id":"https:\/\/ftaabecar.org\/#organization","name":"Faculdade Teol\u00f3gica Abecar","url":"https:\/\/ftaabecar.org\/","logo":{"@type":"ImageObject","inLanguage":"pt-BR","@id":"https:\/\/ftaabecar.org\/#\/schema\/logo\/image\/","url":"https:\/\/ftaabecar.org\/wp-content\/uploads\/2022\/06\/Como-Estudar-2.png","contentUrl":"https:\/\/ftaabecar.org\/wp-content\/uploads\/2022\/06\/Como-Estudar-2.png","width":1080,"height":1080,"caption":"Faculdade Teol\u00f3gica Abecar"},"image":{"@id":"https:\/\/ftaabecar.org\/#\/schema\/logo\/image\/"},"sameAs":["https:\/\/www.facebook.com\/ftaabecar","https:\/\/www.instagram.com\/ftaabecar\/"]}]}},"_links":{"self":[{"href":"https:\/\/ftaabecar.org\/index.php\/wp-json\/wp\/v2\/pages\/22","targetHints":{"allow":["GET"]}}],"collection":[{"href":"https:\/\/ftaabecar.org\/index.php\/wp-json\/wp\/v2\/pages"}],"about":[{"href":"https:\/\/ftaabecar.org\/index.php\/wp-json\/wp\/v2\/types\/page"}],"author":[{"embeddable":true,"href":"https:\/\/ftaabecar.org\/index.php\/wp-json\/wp\/v2\/users\/1"}],"replies":[{"embeddable":true,"href":"https:\/\/ftaabecar.org\/index.php\/wp-json\/wp\/v2\/comments?post=22"}],"version-history":[{"count":1,"href":"https:\/\/ftaabecar.org\/index.php\/wp-json\/wp\/v2\/pages\/22\/revisions"}],"predecessor-version":[{"id":1625,"href":"https:\/\/ftaabecar.org\/index.php\/wp-json\/wp\/v2\/pages\/22\/revisions\/1625"}],"wp:attachment":[{"href":"https:\/\/ftaabecar.org\/index.php\/wp-json\/wp\/v2\/media?parent=22"}],"curies":[{"name":"wp","href":"https:\/\/api.w.org\/{rel}","templated":true}]}}